{"id":2364,"date":"2024-06-24T15:05:23","date_gmt":"2024-06-24T18:05:23","guid":{"rendered":"https:\/\/facepevirtual.org.br\/facepe\/?page_id=2364"},"modified":"2026-08-31T07:46:36","modified_gmt":"2026-08-31T10:46:36","slug":"modelagem-matematica-estatistica-na-educacao","status":"publish","type":"page","link":"https:\/\/facepevirtual.org.br\/facepe\/modelagem-matematica-estatistica-na-educacao\/","title":{"rendered":"Modelagem Matem\u00e1tica Estat\u00edstica na Educa\u00e7\u00e3o"},"content":{"rendered":"\t\t<div data-elementor-type=\"wp-page\" data-elementor-id=\"2364\" class=\"elementor elementor-2364\" data-elementor-post-type=\"page\">\n\t\t\t\t<div class=\"elementor-element elementor-element-e3b8706 e-con-full elementor-hidden-tablet elementor-hidden-mobile e-flex e-con e-parent\" data-id=\"e3b8706\" data-element_type=\"container\">\n\t\t\t\t<div class=\"elementor-element elementor-element-6f6732a elementor-hidden-tablet elementor-hidden-mobile elementor--h-position-center elementor--v-position-middle elementor-arrows-position-inside elementor-pagination-position-inside elementor-widget elementor-widget-slides\" data-id=\"6f6732a\" data-element_type=\"widget\" data-settings=\"{&quot;navigation&quot;:&quot;both&quot;,&quot;autoplay&quot;:&quot;yes&quot;,&quot;pause_on_hover&quot;:&quot;yes&quot;,&quot;pause_on_interaction&quot;:&quot;yes&quot;,&quot;autoplay_speed&quot;:5000,&quot;infinite&quot;:&quot;yes&quot;,&quot;transition&quot;:&quot;slide&quot;,&quot;transition_speed&quot;:500}\" data-widget_type=\"slides.default\">\n\t\t\t\t\t\t\t\t\t\t<div class=\"elementor-slides-wrapper elementor-main-swiper swiper\" role=\"region\" aria-roledescription=\"carousel\" aria-label=\"Slides\" dir=\"ltr\" data-animation=\"fadeInUp\">\n\t\t\t\t<div class=\"swiper-wrapper elementor-slides\">\n\t\t\t\t\t\t\t\t\t\t<div class=\"elementor-repeater-item-f64d21a swiper-slide\" role=\"group\" aria-roledescription=\"slide\"><div class=\"swiper-slide-bg\" role=\"img\"><\/div><div class=\"swiper-slide-inner\" ><div class=\"swiper-slide-contents\"><\/div><\/div><\/div>\t\t\t\t<\/div>\n\t\t\t\t\t\t\t<\/div>\n\t\t\t\t\t\t\t\t<\/div>\n\t\t\t\t<\/div>\n\t\t<div class=\"elementor-element elementor-element-c0293ad e-con-full elementor-hidden-widescreen elementor-hidden-desktop elementor-hidden-laptop e-flex e-con e-parent\" data-id=\"c0293ad\" data-element_type=\"container\">\n\t\t\t\t<div class=\"elementor-element elementor-element-2bf8f06 elementor-hidden-widescreen elementor-hidden-desktop elementor-hidden-laptop elementor--h-position-center elementor--v-position-middle elementor-arrows-position-inside elementor-pagination-position-inside elementor-widget elementor-widget-slides\" data-id=\"2bf8f06\" data-element_type=\"widget\" data-settings=\"{&quot;navigation&quot;:&quot;both&quot;,&quot;autoplay&quot;:&quot;yes&quot;,&quot;pause_on_hover&quot;:&quot;yes&quot;,&quot;pause_on_interaction&quot;:&quot;yes&quot;,&quot;autoplay_speed&quot;:5000,&quot;infinite&quot;:&quot;yes&quot;,&quot;transition&quot;:&quot;slide&quot;,&quot;transition_speed&quot;:500}\" data-widget_type=\"slides.default\">\n\t\t\t\t\t\t\t\t\t\t<div class=\"elementor-slides-wrapper elementor-main-swiper swiper\" role=\"region\" aria-roledescription=\"carousel\" aria-label=\"Slides\" dir=\"ltr\" data-animation=\"fadeInUp\">\n\t\t\t\t<div class=\"swiper-wrapper elementor-slides\">\n\t\t\t\t\t\t\t\t\t\t<div class=\"elementor-repeater-item-f64d21a swiper-slide\" role=\"group\" aria-roledescription=\"slide\"><div class=\"swiper-slide-bg\" role=\"img\"><\/div><div class=\"swiper-slide-inner\" ><div class=\"swiper-slide-contents\"><\/div><\/div><\/div>\t\t\t\t<\/div>\n\t\t\t\t\t\t\t<\/div>\n\t\t\t\t\t\t\t\t<\/div>\n\t\t\t\t<\/div>\n\t\t<div class=\"elementor-element elementor-element-f181261 e-flex e-con-boxed e-con e-parent\" data-id=\"f181261\" data-element_type=\"container\" data-settings=\"{&quot;background_background&quot;:&quot;classic&quot;,&quot;shape_divider_top&quot;:&quot;triangle&quot;}\">\n\t\t\t\t\t<div class=\"e-con-inner\">\n\t\t\t\t<div class=\"elementor-shape elementor-shape-top\" aria-hidden=\"true\" data-negative=\"false\">\n\t\t\t<svg xmlns=\"http:\/\/www.w3.org\/2000\/svg\" viewBox=\"0 0 1000 100\" preserveAspectRatio=\"none\">\n\t<path class=\"elementor-shape-fill\" d=\"M500,98.9L0,6.1V0h1000v6.1L500,98.9z\"\/>\n<\/svg>\t\t<\/div>\n\t\t\t\t<div class=\"elementor-element elementor-element-56d8dbb elementor-align-center elementor-widget elementor-widget-button\" data-id=\"56d8dbb\" data-element_type=\"widget\" data-widget_type=\"button.default\">\n\t\t\t\t\t\t\t\t\t\t<a class=\"elementor-button elementor-size-sm\" role=\"button\">\n\t\t\t\t\t\t<span class=\"elementor-button-content-wrapper\">\n\t\t\t\t\t\t\t\t\t<span class=\"elementor-button-text\">INSCRI\u00c7\u00d5ES ENCERRADAS<\/span>\n\t\t\t\t\t<\/span>\n\t\t\t\t\t<\/a>\n\t\t\t\t\t\t\t\t<\/div>\n\t\t<div class=\"elementor-element elementor-element-6d46dd0 e-flex e-con-boxed e-con e-child\" data-id=\"6d46dd0\" data-element_type=\"container\">\n\t\t\t\t\t<div class=\"e-con-inner\">\n\t\t\t\t<div class=\"elementor-element elementor-element-36190ae elementor-widget elementor-widget-n-accordion\" data-id=\"36190ae\" data-element_type=\"widget\" data-settings=\"{&quot;default_state&quot;:&quot;all_collapsed&quot;,&quot;max_items_expended&quot;:&quot;one&quot;,&quot;n_accordion_animation_duration&quot;:{&quot;unit&quot;:&quot;ms&quot;,&quot;size&quot;:400,&quot;sizes&quot;:[]}}\" data-widget_type=\"nested-accordion.default\">\n\t\t\t\t\t\t\t<div class=\"e-n-accordion\" aria-label=\"Accordion. Open links with Enter or Space, close with Escape, and navigate with Arrow Keys\">\n\t\t\t\t\t\t<details id=\"e-n-accordion-item-5670\" class=\"e-n-accordion-item\" >\n\t\t\t\t<summary class=\"e-n-accordion-item-title\" data-accordion-index=\"1\" tabindex=\"0\" aria-expanded=\"false\" aria-controls=\"e-n-accordion-item-5670\" >\n\t\t\t\t\t<span class='e-n-accordion-item-title-header'><div class=\"e-n-accordion-item-title-text\"> VAGAS <\/div><\/span>\n\t\t\t\t\t\t\t<span class='e-n-accordion-item-title-icon'>\n\t\t\t<span class='e-opened' ><svg aria-hidden=\"true\" class=\"e-font-icon-svg e-fas-minus\" viewBox=\"0 0 448 512\" xmlns=\"http:\/\/www.w3.org\/2000\/svg\"><path d=\"M416 208H32c-17.67 0-32 14.33-32 32v32c0 17.67 14.33 32 32 32h384c17.67 0 32-14.33 32-32v-32c0-17.67-14.33-32-32-32z\"><\/path><\/svg><\/span>\n\t\t\t<span class='e-closed'><svg aria-hidden=\"true\" class=\"e-font-icon-svg e-fas-plus\" viewBox=\"0 0 448 512\" xmlns=\"http:\/\/www.w3.org\/2000\/svg\"><path d=\"M416 208H272V64c0-17.67-14.33-32-32-32h-32c-17.67 0-32 14.33-32 32v144H32c-17.67 0-32 14.33-32 32v32c0 17.67 14.33 32 32 32h144v144c0 17.67 14.33 32 32 32h32c17.67 0 32-14.33 32-32V304h144c17.67 0 32-14.33 32-32v-32c0-17.67-14.33-32-32-32z\"><\/path><\/svg><\/span>\n\t\t<\/span>\n\n\t\t\t\t\t\t<\/summary>\n\t\t\t\t<div role=\"region\" aria-labelledby=\"e-n-accordion-item-5670\" class=\"elementor-element elementor-element-43a6208 e-con-full e-flex e-con e-child\" data-id=\"43a6208\" data-element_type=\"container\">\n\t\t\t\t<div class=\"elementor-element elementor-element-1f6dc29 elementor-widget elementor-widget-text-editor\" data-id=\"1f6dc29\" data-element_type=\"widget\" data-widget_type=\"text-editor.default\">\n\t\t\t\t\t\t\t\t\t<p>O processo seletivo do curso de Modelagem Matem\u00e1tica\/Estat\u00edstica na Educa\u00e7\u00e3o na modalidade a dist\u00e2ncia, ser\u00e1 aberto \u00fanica e exclusivamente para o preenchimento de 150 (cento e cinquenta) vagas, sendo 25 vagas para CADA polo, sendo os mesmos: Alterosa (MG), Boa Esperan\u00e7a (MG), Passos (MG), Santa Rita de Caldas (MG), S\u00e3o Sebasti\u00e3o do Para\u00edso (MG) e Varginha (MG).<\/p><p>O(A) candidato(a) escolher\u00e1, no ato da inscri\u00e7\u00e3o &#8211; dentre os cursos de especializa\u00e7\u00e3o ofertados pela UNIFAL-MG, no sistema UAB, (&#8220;Modelagem Matem\u00e1tica\/Estat\u00edstica na Educa\u00e7\u00e3o&#8221;, \u201cGest\u00e3o P\u00fablica\u201d e \u201cEduca\u00e7\u00e3o para a sa\u00fade no contexto escolar\u201d) um \u00fanico curso e um \u00fanico polo para apoio em seu ingresso e progresso no curso. O (A) candidato(a) concorrer\u00e1 apenas \u00e0 vaga do curso e do polo de apoio indicado, salvo manifesta\u00e7\u00e3o de interesse para as vagas remanescentes do curso no qual se inscreveu. N\u00e3o \u00e9 necess\u00e1rio que o(a) candidato(a) resida na cidade do polo indicado no ato da inscri\u00e7\u00e3o.<\/p><p>Este edital destina-se exclusivamente \u00e0 sele\u00e7\u00e3o de alunos para o Curso de P\u00f3s-gradua\u00e7\u00e3o Lato Sensu em Modelagem Matem\u00e1tica\/Estat\u00edstica na Educa\u00e7\u00e3o. Os demais cursos ofertados pela UNIFAL-MG no \u00e2mbito do Sistema UAB possuem editais pr\u00f3prios. O (A) CANDIDATO (A) QUE REALIZAR A INSCRI\u00c7\u00c3O EM MAIS DE UM CURSO OU MAIS DE UM POLO SER\u00c1 DESCLASSIFICADO(A).<\/p><p>\u00c9 vedado ao(a) candidato(a) pleitear o seu ingresso na Universidade Federal de Alfenas \u2013 UNIFAL MG para outro curso ou modalidade para o qual n\u00e3o tenha se inscrito originalmente, independentemente da pontua\u00e7\u00e3o obtida.<\/p>\t\t\t\t\t\t\t\t<\/div>\n\t\t\t\t<\/div>\n\t\t\t\t\t<\/details>\n\t\t\t\t\t\t<details id=\"e-n-accordion-item-5671\" class=\"e-n-accordion-item\" >\n\t\t\t\t<summary class=\"e-n-accordion-item-title\" data-accordion-index=\"2\" tabindex=\"-1\" aria-expanded=\"false\" aria-controls=\"e-n-accordion-item-5671\" >\n\t\t\t\t\t<span class='e-n-accordion-item-title-header'><div class=\"e-n-accordion-item-title-text\"> P\u00daBLICO ALVO  E DOS PR\u00c9-REQUISITOS PARA A INSCRI\u00c7\u00c3O <\/div><\/span>\n\t\t\t\t\t\t\t<span class='e-n-accordion-item-title-icon'>\n\t\t\t<span class='e-opened' ><svg aria-hidden=\"true\" class=\"e-font-icon-svg e-fas-minus\" viewBox=\"0 0 448 512\" xmlns=\"http:\/\/www.w3.org\/2000\/svg\"><path d=\"M416 208H32c-17.67 0-32 14.33-32 32v32c0 17.67 14.33 32 32 32h384c17.67 0 32-14.33 32-32v-32c0-17.67-14.33-32-32-32z\"><\/path><\/svg><\/span>\n\t\t\t<span class='e-closed'><svg aria-hidden=\"true\" class=\"e-font-icon-svg e-fas-plus\" viewBox=\"0 0 448 512\" xmlns=\"http:\/\/www.w3.org\/2000\/svg\"><path d=\"M416 208H272V64c0-17.67-14.33-32-32-32h-32c-17.67 0-32 14.33-32 32v144H32c-17.67 0-32 14.33-32 32v32c0 17.67 14.33 32 32 32h144v144c0 17.67 14.33 32 32 32h32c17.67 0 32-14.33 32-32V304h144c17.67 0 32-14.33 32-32v-32c0-17.67-14.33-32-32-32z\"><\/path><\/svg><\/span>\n\t\t<\/span>\n\n\t\t\t\t\t\t<\/summary>\n\t\t\t\t<div role=\"region\" aria-labelledby=\"e-n-accordion-item-5671\" class=\"elementor-element elementor-element-d260ce9 e-con-full e-flex e-con e-child\" data-id=\"d260ce9\" data-element_type=\"container\">\n\t\t\t\t<div class=\"elementor-element elementor-element-42fb5f2 elementor-widget elementor-widget-text-editor\" data-id=\"42fb5f2\" data-element_type=\"widget\" data-widget_type=\"text-editor.default\">\n\t\t\t\t\t\t\t\t\t<p>O curso destina-se aos portadores de diploma de curso superior reconhecido pelo MEC nas grandes \u00e1reas de Ci\u00eancias Exatas e da Terra, Engenharias e Multidisciplinar, e que atendam aos seguintes requisitos:<\/p><ul><li>Possuir conhecimento dos recursos b\u00e1sicos de inform\u00e1tica.<\/li><li>Dispor de acesso \u00e0 internet e computador para acompanhamento do curso.<\/li><li>Possuir disponibilidade para a realiza\u00e7\u00e3o de atividades ass\u00edncronas (recomenda-se em torno de duas horas por dia), no Ambiente Virtual de Aprendizagem (AVA) do curso.<\/li><li>O(A) candidato(a) deve ter disponibilidade para participar de atividades online s\u00edncronas via Ambiente Virtual de Aprendizagem (AVA), em conformidade com a proposta pedag\u00f3gica e o planejamento do curso.<\/li><\/ul>\t\t\t\t\t\t\t\t<\/div>\n\t\t\t\t<\/div>\n\t\t\t\t\t<\/details>\n\t\t\t\t\t\t<details id=\"e-n-accordion-item-5672\" class=\"e-n-accordion-item\" >\n\t\t\t\t<summary class=\"e-n-accordion-item-title\" data-accordion-index=\"3\" tabindex=\"-1\" aria-expanded=\"false\" aria-controls=\"e-n-accordion-item-5672\" >\n\t\t\t\t\t<span class='e-n-accordion-item-title-header'><div class=\"e-n-accordion-item-title-text\"> CURSO <\/div><\/span>\n\t\t\t\t\t\t\t<span class='e-n-accordion-item-title-icon'>\n\t\t\t<span class='e-opened' ><svg aria-hidden=\"true\" class=\"e-font-icon-svg e-fas-minus\" viewBox=\"0 0 448 512\" xmlns=\"http:\/\/www.w3.org\/2000\/svg\"><path d=\"M416 208H32c-17.67 0-32 14.33-32 32v32c0 17.67 14.33 32 32 32h384c17.67 0 32-14.33 32-32v-32c0-17.67-14.33-32-32-32z\"><\/path><\/svg><\/span>\n\t\t\t<span class='e-closed'><svg aria-hidden=\"true\" class=\"e-font-icon-svg e-fas-plus\" viewBox=\"0 0 448 512\" xmlns=\"http:\/\/www.w3.org\/2000\/svg\"><path d=\"M416 208H272V64c0-17.67-14.33-32-32-32h-32c-17.67 0-32 14.33-32 32v144H32c-17.67 0-32 14.33-32 32v32c0 17.67 14.33 32 32 32h144v144c0 17.67 14.33 32 32 32h32c17.67 0 32-14.33 32-32V304h144c17.67 0 32-14.33 32-32v-32c0-17.67-14.33-32-32-32z\"><\/path><\/svg><\/span>\n\t\t<\/span>\n\n\t\t\t\t\t\t<\/summary>\n\t\t\t\t<div role=\"region\" aria-labelledby=\"e-n-accordion-item-5672\" class=\"elementor-element elementor-element-73289cf e-con-full e-flex e-con e-child\" data-id=\"73289cf\" data-element_type=\"container\">\n\t\t\t\t<div class=\"elementor-element elementor-element-018475f elementor-widget elementor-widget-text-editor\" data-id=\"018475f\" data-element_type=\"widget\" data-widget_type=\"text-editor.default\">\n\t\t\t\t\t\t\t\t\t<p>O curso ter\u00e1 dura\u00e7\u00e3o de 18 (dezoito) meses , incluindo o cumprimento de cr\u00e9ditos e a elabora\u00e7\u00e3o de Trabalho de Conclus\u00e3o de Curso. O curso ser\u00e1 ministrado na modalidade a dist\u00e2ncia com atividades virtuais, s\u00edncronas e ass\u00edncronas, no Ambiente Virtual de Aprendizagem do curso, conforme projeto pedag\u00f3gico.<\/p><p><strong>O curso ser\u00e1 inteiramente online e mediado por meio das tecnologias digitais de ensino, n\u00e3o sendo necess\u00e1ria a realiza\u00e7\u00e3o de atividades no Polo. <\/strong><\/p><p>As atividades online s\u00edncronas ser\u00e3o agendadas previamente de acordo com a proposta pedag\u00f3gica do curso. Os(As) alunos(as) podem utilizar as depend\u00eancias do polo presencial ao qual se ver vinculado e os campi da UNIFAL-MG, em conformidade com as normas de funcionamento destes espa\u00e7os.<\/p><p>Os(As) alunos(as) ser\u00e3o atendidos(as) remotamente pelos mediadores pedag\u00f3gicos no ambiente virtual de aprendizagem do curso. Al\u00e9m das disciplinas previstas no Projeto Pedag\u00f3gico, o(a) discente dever\u00e1 desenvolver um Trabalho de Conclus\u00e3o de Curso (TCC), sob orienta\u00e7\u00e3o de um(a) professor(a), conforme normas espec\u00edficas. A apresenta\u00e7\u00e3o e defesa do TCC ser\u00e3o feitas na modalidade remota conforme projeto pedag\u00f3gico.<\/p><p>O curso de P\u00f3s-Gradua\u00e7\u00e3o Lato Sensu deste Edital \u00e9 conveniado \u00e0 Universidade Aberta do Brasil (UAB) e sua manuten\u00e7\u00e3o se dar\u00e1 em fun\u00e7\u00e3o dos recursos disponibilizados e repassados pela UAB, conforme disposto no edital 25\/2023. Em uma eventual interrup\u00e7\u00e3o desse financiamento, a UNIFAL-MG n\u00e3o assume a responsabilidade financeira pela continuidade do curso.<\/p>\t\t\t\t\t\t\t\t<\/div>\n\t\t\t\t<\/div>\n\t\t\t\t\t<\/details>\n\t\t\t\t\t\t<details id=\"e-n-accordion-item-5673\" class=\"e-n-accordion-item\" >\n\t\t\t\t<summary class=\"e-n-accordion-item-title\" data-accordion-index=\"4\" tabindex=\"-1\" aria-expanded=\"false\" aria-controls=\"e-n-accordion-item-5673\" >\n\t\t\t\t\t<span class='e-n-accordion-item-title-header'><div class=\"e-n-accordion-item-title-text\"> INSCRI\u00c7\u00d5ES  ENCERRADAS <\/div><\/span>\n\t\t\t\t\t\t\t<span class='e-n-accordion-item-title-icon'>\n\t\t\t<span class='e-opened' ><svg aria-hidden=\"true\" class=\"e-font-icon-svg e-fas-minus\" viewBox=\"0 0 448 512\" xmlns=\"http:\/\/www.w3.org\/2000\/svg\"><path d=\"M416 208H32c-17.67 0-32 14.33-32 32v32c0 17.67 14.33 32 32 32h384c17.67 0 32-14.33 32-32v-32c0-17.67-14.33-32-32-32z\"><\/path><\/svg><\/span>\n\t\t\t<span class='e-closed'><svg aria-hidden=\"true\" class=\"e-font-icon-svg e-fas-plus\" viewBox=\"0 0 448 512\" xmlns=\"http:\/\/www.w3.org\/2000\/svg\"><path d=\"M416 208H272V64c0-17.67-14.33-32-32-32h-32c-17.67 0-32 14.33-32 32v144H32c-17.67 0-32 14.33-32 32v32c0 17.67 14.33 32 32 32h144v144c0 17.67 14.33 32 32 32h32c17.67 0 32-14.33 32-32V304h144c17.67 0 32-14.33 32-32v-32c0-17.67-14.33-32-32-32z\"><\/path><\/svg><\/span>\n\t\t<\/span>\n\n\t\t\t\t\t\t<\/summary>\n\t\t\t\t<div role=\"region\" aria-labelledby=\"e-n-accordion-item-5673\" class=\"elementor-element elementor-element-76c63dd e-con-full e-flex e-con e-child\" data-id=\"76c63dd\" data-element_type=\"container\">\n\t\t\t\t<div class=\"elementor-element elementor-element-fdda710 elementor-widget elementor-widget-text-editor\" data-id=\"fdda710\" data-element_type=\"widget\" data-widget_type=\"text-editor.default\">\n\t\t\t\t\t\t\t\t\t<p><strong>\u26a0\ufe0f Aten\u00e7\u00e3o!<\/strong><\/p><p><strong>O Formul\u00e1rio para Processo Seletivo de Curso de P\u00f3s-Gradua\u00e7\u00e3o Lato Sensu (Anexo I) \u00e9 documento obrigat\u00f3rio para a inscri\u00e7\u00e3o.<\/strong><\/p><p><strong>Antes de enviar sua documenta\u00e7\u00e3o, verifique se o formul\u00e1rio est\u00e1 devidamente preenchido e acompanhado dos documentos comprobat\u00f3rios previstos no item 5.2 e no Quadro I do Edital.<\/strong><\/p><p>A inscri\u00e7\u00e3o para o processo de sele\u00e7\u00e3o no curso de Especializa\u00e7\u00e3o em Modelagem Matem\u00e1tica\/Estat\u00edstica na Educa\u00e7\u00e3o, modalidade a dist\u00e2ncia, poder\u00e1 ser realizada no per\u00edodo e link apresentado no Quadro II \u2013 Cronograma do Processo Seletivo.<\/p><p>Documentos necess\u00e1rios para a inscri\u00e7\u00e3o:<\/p><p>Formul\u00e1rio eletr\u00f4nico de inscri\u00e7\u00e3o no bot\u00e3o abaixo;<\/p><p>Formul\u00e1rio constante do Anexo I do Edital, devidamente preenchido e instru\u00eddo com as c\u00f3pias dos documentos comprobat\u00f3rios previstos.<\/p><p>Pagamento da taxa de inscri\u00e7\u00e3o: R$ 40,00 (quarenta reais) obrigatoriamente via PIX, pela chave:\u00a0<span style=\"font-weight: bolder; font-size: 1rem;\">modelagem2026@facepevirtual.org.br<\/span><\/p>\t\t\t\t\t\t\t\t<\/div>\n\t\t\t\t<div class=\"elementor-element elementor-element-99dbe13 elementor-align-center elementor-hidden-widescreen elementor-hidden-desktop elementor-hidden-laptop elementor-hidden-tablet elementor-hidden-mobile elementor-widget elementor-widget-button\" data-id=\"99dbe13\" data-element_type=\"widget\" data-widget_type=\"button.default\">\n\t\t\t\t\t\t\t\t\t\t<a class=\"elementor-button elementor-button-link elementor-size-sm\" href=\"https:\/\/facepevirtual.org.br\/facepe\/cadastro-modelagem-2026\" target=\"_blank\">\n\t\t\t\t\t\t<span class=\"elementor-button-content-wrapper\">\n\t\t\t\t\t\t\t\t\t<span class=\"elementor-button-text\">FA\u00c7A SUA INSCRI\u00c7\u00c3O AQUI<\/span>\n\t\t\t\t\t<\/span>\n\t\t\t\t\t<\/a>\n\t\t\t\t\t\t\t\t<\/div>\n\t\t\t\t<\/div>\n\t\t\t\t\t<\/details>\n\t\t\t\t\t\t<details id=\"e-n-accordion-item-5674\" class=\"e-n-accordion-item\" >\n\t\t\t\t<summary class=\"e-n-accordion-item-title\" data-accordion-index=\"5\" tabindex=\"-1\" aria-expanded=\"false\" aria-controls=\"e-n-accordion-item-5674\" >\n\t\t\t\t\t<span class='e-n-accordion-item-title-header'><div class=\"e-n-accordion-item-title-text\"> RETIFICA\u00c7\u00c3O DO EDITAL <\/div><\/span>\n\t\t\t\t\t\t\t<span class='e-n-accordion-item-title-icon'>\n\t\t\t<span class='e-opened' ><svg aria-hidden=\"true\" class=\"e-font-icon-svg e-fas-minus\" viewBox=\"0 0 448 512\" xmlns=\"http:\/\/www.w3.org\/2000\/svg\"><path d=\"M416 208H32c-17.67 0-32 14.33-32 32v32c0 17.67 14.33 32 32 32h384c17.67 0 32-14.33 32-32v-32c0-17.67-14.33-32-32-32z\"><\/path><\/svg><\/span>\n\t\t\t<span class='e-closed'><svg aria-hidden=\"true\" class=\"e-font-icon-svg e-fas-plus\" viewBox=\"0 0 448 512\" xmlns=\"http:\/\/www.w3.org\/2000\/svg\"><path d=\"M416 208H272V64c0-17.67-14.33-32-32-32h-32c-17.67 0-32 14.33-32 32v144H32c-17.67 0-32 14.33-32 32v32c0 17.67 14.33 32 32 32h144v144c0 17.67 14.33 32 32 32h32c17.67 0 32-14.33 32-32V304h144c17.67 0 32-14.33 32-32v-32c0-17.67-14.33-32-32-32z\"><\/path><\/svg><\/span>\n\t\t<\/span>\n\n\t\t\t\t\t\t<\/summary>\n\t\t\t\t<div role=\"region\" aria-labelledby=\"e-n-accordion-item-5674\" class=\"elementor-element elementor-element-eddadf6 e-con-full e-flex e-con e-child\" data-id=\"eddadf6\" data-element_type=\"container\">\n\t\t\t\t<div class=\"elementor-element elementor-element-b9b7a65 elementor-widget elementor-widget-text-editor\" data-id=\"b9b7a65\" data-element_type=\"widget\" data-widget_type=\"text-editor.default\">\n\t\t\t\t\t\t\t\t\t<p><a href=\"https:\/\/facepevirtual.org.br\/facepe\/wp-content\/uploads\/2026\/08\/Retificacao_Modelagem.pdf\" target=\"_blank\" rel=\"noopener\"><b>RETIFICA\u00c7\u00c3O DO EDITAL<\/b><\/a><\/p>\t\t\t\t\t\t\t\t<\/div>\n\t\t\t\t<\/div>\n\t\t\t\t\t<\/details>\n\t\t\t\t\t\t<details id=\"e-n-accordion-item-5675\" class=\"e-n-accordion-item\" >\n\t\t\t\t<summary class=\"e-n-accordion-item-title\" data-accordion-index=\"6\" tabindex=\"-1\" aria-expanded=\"false\" aria-controls=\"e-n-accordion-item-5675\" >\n\t\t\t\t\t<span class='e-n-accordion-item-title-header'><div class=\"e-n-accordion-item-title-text\"> EDITAL <\/div><\/span>\n\t\t\t\t\t\t\t<span class='e-n-accordion-item-title-icon'>\n\t\t\t<span class='e-opened' ><svg aria-hidden=\"true\" class=\"e-font-icon-svg e-fas-minus\" viewBox=\"0 0 448 512\" xmlns=\"http:\/\/www.w3.org\/2000\/svg\"><path d=\"M416 208H32c-17.67 0-32 14.33-32 32v32c0 17.67 14.33 32 32 32h384c17.67 0 32-14.33 32-32v-32c0-17.67-14.33-32-32-32z\"><\/path><\/svg><\/span>\n\t\t\t<span class='e-closed'><svg aria-hidden=\"true\" class=\"e-font-icon-svg e-fas-plus\" viewBox=\"0 0 448 512\" xmlns=\"http:\/\/www.w3.org\/2000\/svg\"><path d=\"M416 208H272V64c0-17.67-14.33-32-32-32h-32c-17.67 0-32 14.33-32 32v144H32c-17.67 0-32 14.33-32 32v32c0 17.67 14.33 32 32 32h144v144c0 17.67 14.33 32 32 32h32c17.67 0 32-14.33 32-32V304h144c17.67 0 32-14.33 32-32v-32c0-17.67-14.33-32-32-32z\"><\/path><\/svg><\/span>\n\t\t<\/span>\n\n\t\t\t\t\t\t<\/summary>\n\t\t\t\t<div role=\"region\" aria-labelledby=\"e-n-accordion-item-5675\" class=\"elementor-element elementor-element-766c381 e-con-full e-flex e-con e-child\" data-id=\"766c381\" data-element_type=\"container\">\n\t\t\t\t<div class=\"elementor-element elementor-element-dab1b24 elementor-widget elementor-widget-text-editor\" data-id=\"dab1b24\" data-element_type=\"widget\" data-widget_type=\"text-editor.default\">\n\t\t\t\t\t\t\t\t\t<p><a href=\"https:\/\/facepevirtual.org.br\/facepe\/wp-content\/uploads\/2026\/07\/Edital-Final-09-2026-Modelagem.pdf\" target=\"_blank\" rel=\"noopener\"><strong>DOWNLOAD DO EDITAL<\/strong><\/a><\/p>\t\t\t\t\t\t\t\t<\/div>\n\t\t\t\t<\/div>\n\t\t\t\t\t<\/details>\n\t\t\t\t\t<\/div>\n\t\t\t\t\t\t<\/div>\n\t\t\t\t\t<\/div>\n\t\t\t\t<\/div>\n\t\t\t\t\t<\/div>\n\t\t\t\t<\/div>\n\t\t\t\t<\/div>\n\t\t","protected":false},"excerpt":{"rendered":"<p>INSCRI\u00c7\u00d5ES ENCERRADAS VAGAS O processo seletivo do curso de Modelagem Matem\u00e1tica\/Estat\u00edstica na Educa\u00e7\u00e3o na modalidade a dist\u00e2ncia, ser\u00e1 aberto \u00fanica e exclusivamente para o preenchimento de 150 (cento e cinquenta) vagas, sendo 25 vagas para CADA polo, sendo os mesmos: Alterosa (MG), Boa Esperan\u00e7a (MG), Passos (MG), Santa Rita de Caldas (MG), S\u00e3o Sebasti\u00e3o do [&hellip;]<\/p>\n","protected":false},"author":1,"featured_media":0,"parent":0,"menu_order":0,"comment_status":"closed","ping_status":"closed","template":"elementor_header_footer","meta":{"_acf_changed":false,"footnotes":""},"class_list":["post-2364","page","type-page","status-publish","hentry"],"acf":[],"_links":{"self":[{"href":"https:\/\/facepevirtual.org.br\/facepe\/wp-json\/wp\/v2\/pages\/2364","targetHints":{"allow":["GET"]}}],"collection":[{"href":"https:\/\/facepevirtual.org.br\/facepe\/wp-json\/wp\/v2\/pages"}],"about":[{"href":"https:\/\/facepevirtual.org.br\/facepe\/wp-json\/wp\/v2\/types\/page"}],"author":[{"embeddable":true,"href":"https:\/\/facepevirtual.org.br\/facepe\/wp-json\/wp\/v2\/users\/1"}],"replies":[{"embeddable":true,"href":"https:\/\/facepevirtual.org.br\/facepe\/wp-json\/wp\/v2\/comments?post=2364"}],"version-history":[{"count":6,"href":"https:\/\/facepevirtual.org.br\/facepe\/wp-json\/wp\/v2\/pages\/2364\/revisions"}],"predecessor-version":[{"id":14416,"href":"https:\/\/facepevirtual.org.br\/facepe\/wp-json\/wp\/v2\/pages\/2364\/revisions\/14416"}],"wp:attachment":[{"href":"https:\/\/facepevirtual.org.br\/facepe\/wp-json\/wp\/v2\/media?parent=2364"}],"curies":[{"name":"wp","href":"https:\/\/api.w.org\/{rel}","templated":true}]}}